{"id":137,"date":"2020-06-11T13:02:08","date_gmt":"2020-06-11T10:02:08","guid":{"rendered":"http:\/\/www.totemteatteri.com\/~totemtea\/?page_id=137"},"modified":"2023-03-20T14:00:26","modified_gmt":"2023-03-20T12:00:26","slug":"arkisto","status":"publish","type":"page","link":"http:\/\/www.totemteatteri.com\/sv\/arkisto\/","title":{"rendered":"Arkiv"},"content":{"rendered":"<h3 class=\"wp-block-heading\">F\u00d6REST\u00c4LLNINGAR<\/h3>\n\n\n\n<p class=\"translation-block\"><strong>RD TRDN<\/strong><br>\n\u2013 en pj\u00e4s om det som r\u00f6r sig mellan m\u00e4nniskor<br>\nRegi: Tuomas Laitinen<br>\nDramaturgi: Katariina Numminen<br>\nPremi\u00e4r: 3.3.2014<\/p>\n\n\n\n<p><strong>LAMMASSAARESSA<\/strong><br>komedia k\u00e4ytt\u00e4ytymiss\u00e4\u00e4nn\u00f6ist\u00e4<br>K\u00e4sikirjoitus ja ohjaus: Tuomas Timonen<br>Ensi-ilta 23.1.2019<\/p>\n\n\n\n<p><strong>TULPPAANIKUPLA<\/strong><br>p\u00f6rssiromahdus ja rahan synty<br>K\u00e4sikirjoitus ja ohjaus: Janne Saarakkala<br>Ensi-ilta: 18.1.2018<\/p>\n\n\n\n<p><strong>LENT\u00c4MISEN ALKEET<br><\/strong>esitys lent\u00e4misen arvoituksesta ja supersankaruudesta<br>K\u00e4sikirjoitus ja ohjaus: Pilvi Porkola<br>Ensi-ilta: 17.1.2017<\/p>\n\n\n\n<p><strong>SATTUMIA ja SIVUPOLKUJA<br><\/strong>hyv\u00e4ntuulinen sekamelska musiikkia, tanssia ja tarinankerrontaa<br>K\u00e4sikirjoitus ja ohjaus: Tuomas Timonen<br>Ensi-ilta: 14.1.2016<\/p>\n\n\n\n<p class=\"translation-block\"><strong>HUNDEN KASTANJ<\/strong><br>\nRegi: Juha Hurme<br>\nManus: Juha Hurme p\u00e5 basis av Anton Tjechovs novell<br>\nPremi\u00e4r: 14.1.2015<\/p>\n\n\n\n<p class=\"translation-block\"><strong>RD TRDN<\/strong><br>\n\u2013 en pj\u00e4s om det som r\u00f6r sig mellan m\u00e4nniskor<br>\nRegi: Tuomas Laitinen<br>\nPremi\u00e4r: 29.1.2014<\/p>\n\n\n\n<p class=\"translation-block\"><strong>DEN TURNERANDE FR\u00c5GEKOMMIT\u00c9N<\/strong><br>\n\u2013 allt som du alltid har velat veta<br>\nRegi: Essi R\u00e4is\u00e4nen<br>\nPremi\u00e4r 18.1.2013<\/p>\n\n\n\n<p><strong>MIN\u00c4 OLEN KUNINGAS<br><\/strong>Kertomus vallanhalusta, v\u00e4\u00e4rinteosta ja Macbethista<br>Ohjaus: Marielle Eklund-Vasama<br>Ensi-ilta: 20.1.2012<\/p>\n\n\n\n<p><strong>UNI LASISESTA POLKUPY\u00d6R\u00c4ST\u00c4<br><\/strong>Esitys kaiken maailman kauneuksista<br>Ohjaus: Anna-Mari Karvonen<br>Ensi-ilta: 19.1.2011<\/p>\n\n\n\n<p><strong>KALEVALAA ETSIM\u00c4SS\u00c4<br><\/strong>Matka Kalevalan myyttiseen maailmaan<br>Ohjaus: Atro Kahiluoto<br>Ensi-ilta: 15.12.2009<\/p>\n\n\n\n<p><strong>FILLARIKELLARIRUMPALI<br><\/strong>Kerrostalomusikaali<br>Ohjaus ja k\u00e4sikirjoitus ty\u00f6ryhm\u00e4n<br>improvisaatioiden pohjalta: Salla Taskinen<br>Ensi-ilta: 15.10.2008<\/p>\n\n\n\n<p><strong>KULKURIOPISTO<br><\/strong>Esitys p\u00e4rj\u00e4\u00e4misest\u00e4<br>Ohjaus: Atro Kahiluoto<br>Ensi-ilta: 19.9.2007 , 1.9.2009<\/p>\n\n\n\n<p><strong>WELLI&amp;PUURONEN LIEMESS\u00c4!<br><\/strong>Esitys peloista ja niiden voittamisesta<br>Ohjaus: Arn-Henrik Blomqvist<br>Ensi-ilta: 10.10.2006<\/p>\n\n\n\n<p><strong>HAMMASRATAS<\/strong><br>Esitys kiireest\u00e4<br>Ohjaus: Salla Taskinen<br>Ensi-ilta: 30.8.2005<\/p>\n\n\n\n<p><strong>PITK\u00c4 LYHYT LYHYT, EIKU<br><\/strong>Esitys harha-askelten v\u00e4ltt\u00e4m\u00e4tt\u00f6myydest\u00e4<br>Ohjaus: Salla Taskinen<br>Ensi-ilta: 16.9.2004<\/p>\n\n\n\n<p class=\"translation-block\"><strong>AKT UTAN ORD I OCH II<\/strong><br>\nRegi: Riku Saastamoinen<br>\nPremi\u00e4r 16.9.2003<\/p>\n\n\n\n<p class=\"translation-block\"><strong>ROBINSON UTAN ORD<\/strong><br>\nRegi: Riku Saastamoinen<br>\nPremi\u00e4r 10.9.2002<\/p>\n\n\n\n<p class=\"translation-block\"><strong>POW - N\u00c4R VARDAGEN SL\u00c5R KNOCKOUT<\/strong><br>\nRegi: Soila Valkama<br>\nPremi\u00e4r 13.9.2001<\/p>\n\n\n\n<p class=\"translation-block\"><strong>1&amp;1<\/strong><br>\nRegi: Tove Appelgren<br>\nPremi\u00e4r 8.9.2000<\/p>\n\n\n\n<p class=\"translation-block\"><strong>MUSIK, ERS MAJEST\u00c4T!<\/strong><br>\nRegi: Mikaela Has\u00e1n<br>\nPremi\u00e4r 7.9.1999<\/p>\n\n\n\n<p class=\"translation-block\"><strong>VILKET OLJUD!<\/strong><br>\nRegi: Marina Motaleff<br>\nPremi\u00e4r 4.11.1998<\/p>\n\n\n\n<p class=\"translation-block\"><strong>MAIJA SNORUNGE<\/strong><br>\nRegi: Harriet Abrahamsson<br>\nPremi\u00e4r 27.10.1997<\/p>\n\n\n\n<p class=\"translation-block\"><strong>RAPUNZEL<\/strong><br>\nRegi: Tove Granqvist<br>\nPremi\u00e4r 15.10.1996<\/p>\n\n\n\n<p class=\"translation-block\"><strong>CIRKUSTANTERNA<\/strong><br>\nRegi: Cris af Enehielm<br>\nPremi\u00e4r 29.9.1995<\/p>\n\n\n\n<p class=\"translation-block\"><strong>KLAUNOFF<\/strong><br>\nRegi: Cris af Enehielm<br>\nPremi\u00e4r 14.10.1994<\/p>\n\n\n\n<p class=\"translation-block\"><strong>ZAKA ZAKA PAX<\/strong><br>\nRegi: Ida-Lotta Backman<br>\nPremi\u00e4r 7.10.1993<\/p>\n\n\n\n<p class=\"translation-block\"><strong>MADAME MIRA-BELLE<\/strong><br>\nP\u00e4ivi Rissanen<br>\nPremi\u00e4r 29.9.1991<br>\n<br>\n<strong>MA - HOOOOOI<\/strong><br>\nRegi: Ida-Lotta Backman<br>\nPremi\u00e4r 1.10.1992<\/p>\n\n\n\n<p class=\"translation-block\"><strong>PIC &amp; NIC &amp; !!!<\/strong><br>\nRegi: Ida-Lotta Backman<br>\nPremi\u00e4r 30.9.1990<\/p>\n\n\n\n<p class=\"translation-block\"><strong>TA FATT \u2013 OM DU KAN<\/strong><br>\nRegi: Titta Karakorpi<br>\nPremi\u00e4r 4.4.1989<\/p>\n\n\n\n<p class=\"translation-block\"><strong>PIC &amp; NIC P\u00c5 UTF\u00c4RD<\/strong><br>\nRegi: Marjan Raar<br>\nPremi\u00e4r 2.6.1988<\/p>\n\n\n\n<p class=\"translation-block\"><strong>PIC &amp; NIC<\/strong><br>\nRegi: Ida-Lotta Backman<br>\nPremi\u00e4r 13.2.1987<\/p>\n\n\n\n<hr class=\"wp-block-separator has-css-opacity is-style-wide\"\/>\n\n\n\n<h3 class=\"wp-block-heading\">PUBLIKARBETE och KONSTFOSTRAN<\/h3>\n\n\n\n<p>2019<br><strong>POIKKEUSS\u00c4\u00c4NT\u00d6-ty\u00f6paja<br><\/strong>Tanja Turpeinen, Camilla Anderz\u00e9n, Iiris Autio, Louna-Tuuli Luukka<\/p>\n\n\n\n<p class=\"translation-block\">2018-2019<br>\n<strong>VAD \u00c4R DEN V\u00c4RD?<\/strong> - verkstad<br>\nCamilla Anderz\u00e9n, Iiris Autio<\/p>\n\n\n\n<p class=\"translation-block\">2017<br>\n<strong>LUFTSPR\u00c5NG<\/strong>-verkstad<br>\nLouna-Tuuli Luukka, Camilla Anderz\u00e9n<\/p>\n\n\n\n<p>2016<br><strong>OIKEA V\u00c4\u00c4R\u00c4 VASTAUS -ty\u00f6paja<br><\/strong>Louna-Tuuli Luukka, Camilla Anderz\u00e9n<br><strong>Meid\u00e4n luokan kulttuurit-ty\u00f6pajakokonaisuus<br><\/strong>Camilla Anderz\u00e9n<\/p>\n\n\n\n<p class=\"translation-block\">2015-2016<br>\n<strong>K\u00c4PP ELLER MOROT?<\/strong> -verkstad<br>\nLouna-Tuuli Luukka, Camilla Anderz\u00e9n<br><\/p>\n\n\n\n<p>2014<br><strong>K\u00d6YDENVETOVOIMAA -ty\u00f6paja<br><\/strong>Louna-Tuuli Luukka, Camilla Anderz\u00e9n<\/p>\n\n\n\n<p>2013<br><strong>VASTAUKSISTA VIIS! \u2013 kaikenkarvainen kysymysty\u00f6paja<br><\/strong>Joel Neves<\/p>\n\n\n\n<p><strong>SEALIFE UPONNEET<br><\/strong>Suzanne Osten, Aalto-yliopisto ja Jalostamo-kollektiivin<\/p>\n\n\n\n<p>2013-2011<br><strong>VIENAN KARJALAN TAIDEHANKE<br><\/strong>Juho Hellst\u00e9n, Maari Kallberg, P\u00e4ivi Rissanen, Anna-Liisa Linnala<\/p>\n\n\n\n<p>2012<br><strong>TANSSIPAINOTTEINEN PERUSKOULU ESPOOSEEN<br><\/strong>P\u00e4ivi Rissanen<\/p>\n\n\n\n<p>2011<br><strong>SUVELA KATUTAITEILEE<br><\/strong>Timo Vaittinen, Hans-Peter Sch\u00fctt<\/p>\n\n\n\n<p>2010<br><strong>IPANA KOHTAA ESITYKSEN<br><\/strong>Janne Lonka, Tiina Pistemaa, Mirkka Forsberg<\/p>\n\n\n\n<p>2009<br><strong>IPANA KOHTAA TAITEILIJAN<br><\/strong>Teemu M\u00e4ki<\/p>\n\n\n\n<p>2008<br><strong>IPANA KOHTAA TAITEILIJAN<br><\/strong>Reijo Kela, Kalle J\u00e4rvenp\u00e4\u00e4, Joona Saloranta<\/p>\n\n\n\n<p>2007<br><strong>IPANA KOHTAA TAITEILIJAN<br><\/strong>Jorma Uotinen<\/p>\n\n\n\n<p>2006<br>TIKAPUITA PITKIN TAIVAASEEN<br>Eve Alho<\/p>\n\n\n\n<p>2005<br><strong>KUKAN P\u00c4IV\u00c4<br><\/strong>Marielle Eklund-Vasama<br><strong>KUKAN P\u00c4IV\u00c4-ty\u00f6pajat<br><\/strong>P\u00e4ivi Rissanen<\/p>\n\n\n\n<p>2004<br><strong>KUMMAJAISET<\/strong><br>Karin Pennanen, P\u00e4ivi Rissanen<\/p>\n\n\n\n<p>2003<br><strong>ARKISET ASKELEET 2<br><\/strong>TOTEM-teatern<\/p>\n\n\n\n<p>2002<br><strong>ARKISET ASKELEET 1<br><\/strong>TOTEM-teatern<\/p>\n\n\n\n<p>2002<br><strong>LENT\u00c4V\u00c4 PULSA<br><\/strong>TOTEM-teatern<\/p>\n\n\n\n<p>2002-2001<br><strong>WEBS\u00c4KKI-PROJEKTI<br><\/strong>P\u00e4ivi Rissanen, Tove Appelgren, Soila Valkama<\/p>\n\n\n\n<p>2002-1999<br><strong>LAPSI LIIKKEESS\u00c4<br><\/strong>Riitta Py\u00f6rre, P\u00e4ivi Rissanen<\/p>\n\n\n\n<p>1999-1997<br><strong>TOTEM-tusina<br><\/strong>Ulla Py\u00f6rre, Riitta Py\u00f6rre<\/p>","protected":false},"excerpt":{"rendered":"<p>ESITYKSET PNNN LNK\u2013 esitys siit\u00e4 mik\u00e4 ihmisten v\u00e4liss\u00e4 liikkuuOhjaus: Tuomas LaitinenDramaturgia: Katariina NumminenUusintaensi-ilta: 13.1.2021 LAMMASSAARESSAkomedia k\u00e4ytt\u00e4ytymiss\u00e4\u00e4nn\u00f6ist\u00e4K\u00e4sikirjoitus ja ohjaus: Tuomas TimonenEnsi-ilta 23.1.2019 TULPPAANIKUPLAp\u00f6rssiromahdus ja rahan syntyK\u00e4sikirjoitus ja ohjaus: Janne SaarakkalaEnsi-ilta: 18.1.2018&#8230;<\/p>","protected":false},"author":2,"featured_media":0,"parent":0,"menu_order":0,"comment_status":"closed","ping_status":"closed","template":"","meta":{"footnotes":""},"class_list":["post-137","page","type-page","status-publish","hentry"],"yoast_head":"<!-- This site is optimized with the Yoast SEO plugin v26.8 - https:\/\/yoast.com\/product\/yoast-seo-wordpress\/ -->\n<title>Arkisto - TOTEM-teatteri<\/title>\n<meta name=\"robots\" content=\"index, follow, max-snippet:-1, max-image-preview:large, max-video-preview:-1\" \/>\n<link rel=\"canonical\" href=\"http:\/\/www.totemteatteri.com\/sv\/arkisto\/\" \/>\n<meta property=\"og:locale\" content=\"sv_SE\" \/>\n<meta property=\"og:type\" content=\"article\" \/>\n<meta property=\"og:title\" content=\"Arkisto - TOTEM-teatteri\" \/>\n<meta property=\"og:description\" content=\"ESITYKSET PNNN LNK\u2013 esitys siit\u00e4 mik\u00e4 ihmisten v\u00e4liss\u00e4 liikkuuOhjaus: Tuomas LaitinenDramaturgia: Katariina NumminenUusintaensi-ilta: 13.1.2021 LAMMASSAARESSAkomedia k\u00e4ytt\u00e4ytymiss\u00e4\u00e4nn\u00f6ist\u00e4K\u00e4sikirjoitus ja ohjaus: Tuomas TimonenEnsi-ilta 23.1.2019 TULPPAANIKUPLAp\u00f6rssiromahdus ja rahan syntyK\u00e4sikirjoitus ja ohjaus: Janne SaarakkalaEnsi-ilta: 18.1.2018...\" \/>\n<meta property=\"og:url\" content=\"http:\/\/www.totemteatteri.com\/sv\/arkisto\/\" \/>\n<meta property=\"og:site_name\" content=\"TOTEM-teatteri\" \/>\n<meta property=\"article:modified_time\" content=\"2023-03-20T12:00:26+00:00\" \/>\n<meta name=\"twitter:card\" content=\"summary_large_image\" \/>\n<meta name=\"twitter:label1\" content=\"Ber\u00e4knad l\u00e4stid\" \/>\n\t<meta name=\"twitter:data1\" content=\"4 minuter\" \/>\n<script type=\"application\/ld+json\" class=\"yoast-schema-graph\">{\"@context\":\"https:\/\/schema.org\",\"@graph\":[{\"@type\":\"WebPage\",\"@id\":\"http:\/\/www.totemteatteri.com\/arkisto\/\",\"url\":\"http:\/\/www.totemteatteri.com\/arkisto\/\",\"name\":\"Arkisto - TOTEM-teatteri\",\"isPartOf\":{\"@id\":\"http:\/\/www.totemteatteri.com\/#website\"},\"datePublished\":\"2020-06-11T10:02:08+00:00\",\"dateModified\":\"2023-03-20T12:00:26+00:00\",\"inLanguage\":\"sv-SE\",\"potentialAction\":[{\"@type\":\"ReadAction\",\"target\":[\"http:\/\/www.totemteatteri.com\/arkisto\/\"]}]},{\"@type\":\"WebSite\",\"@id\":\"http:\/\/www.totemteatteri.com\/#website\",\"url\":\"http:\/\/www.totemteatteri.com\/\",\"name\":\"TOTEM-teatteri\",\"description\":\"TOTEM-teatterin kotisivut\",\"publisher\":{\"@id\":\"http:\/\/www.totemteatteri.com\/#organization\"},\"potentialAction\":[{\"@type\":\"SearchAction\",\"target\":{\"@type\":\"EntryPoint\",\"urlTemplate\":\"http:\/\/www.totemteatteri.com\/?s={search_term_string}\"},\"query-input\":{\"@type\":\"PropertyValueSpecification\",\"valueRequired\":true,\"valueName\":\"search_term_string\"}}],\"inLanguage\":\"sv-SE\"},{\"@type\":\"Organization\",\"@id\":\"http:\/\/www.totemteatteri.com\/#organization\",\"name\":\"TOTEM-teatteri\",\"url\":\"http:\/\/www.totemteatteri.com\/\",\"logo\":{\"@type\":\"ImageObject\",\"inLanguage\":\"sv-SE\",\"@id\":\"http:\/\/www.totemteatteri.com\/#\/schema\/logo\/image\/\",\"url\":\"http:\/\/www.totemteatteri.com\/wp-content\/uploads\/2023\/03\/logo-vaaka-sini-1100x200-1.jpg\",\"contentUrl\":\"http:\/\/www.totemteatteri.com\/wp-content\/uploads\/2023\/03\/logo-vaaka-sini-1100x200-1.jpg\",\"width\":1100,\"height\":200,\"caption\":\"TOTEM-teatteri\"},\"image\":{\"@id\":\"http:\/\/www.totemteatteri.com\/#\/schema\/logo\/image\/\"}}]}<\/script>\n<!-- \/ Yoast SEO plugin. -->","yoast_head_json":{"title":"Arkisto - TOTEM-teatteri","robots":{"index":"index","follow":"follow","max-snippet":"max-snippet:-1","max-image-preview":"max-image-preview:large","max-video-preview":"max-video-preview:-1"},"canonical":"http:\/\/www.totemteatteri.com\/sv\/arkisto\/","og_locale":"sv_SE","og_type":"article","og_title":"Arkisto - TOTEM-teatteri","og_description":"ESITYKSET PNNN LNK\u2013 esitys siit\u00e4 mik\u00e4 ihmisten v\u00e4liss\u00e4 liikkuuOhjaus: Tuomas LaitinenDramaturgia: Katariina NumminenUusintaensi-ilta: 13.1.2021 LAMMASSAARESSAkomedia k\u00e4ytt\u00e4ytymiss\u00e4\u00e4nn\u00f6ist\u00e4K\u00e4sikirjoitus ja ohjaus: Tuomas TimonenEnsi-ilta 23.1.2019 TULPPAANIKUPLAp\u00f6rssiromahdus ja rahan syntyK\u00e4sikirjoitus ja ohjaus: Janne SaarakkalaEnsi-ilta: 18.1.2018...","og_url":"http:\/\/www.totemteatteri.com\/sv\/arkisto\/","og_site_name":"TOTEM-teatteri","article_modified_time":"2023-03-20T12:00:26+00:00","twitter_card":"summary_large_image","twitter_misc":{"Ber\u00e4knad l\u00e4stid":"4 minuter"},"schema":{"@context":"https:\/\/schema.org","@graph":[{"@type":"WebPage","@id":"http:\/\/www.totemteatteri.com\/arkisto\/","url":"http:\/\/www.totemteatteri.com\/arkisto\/","name":"Arkisto - TOTEM-teatteri","isPartOf":{"@id":"http:\/\/www.totemteatteri.com\/#website"},"datePublished":"2020-06-11T10:02:08+00:00","dateModified":"2023-03-20T12:00:26+00:00","inLanguage":"sv-SE","potentialAction":[{"@type":"ReadAction","target":["http:\/\/www.totemteatteri.com\/arkisto\/"]}]},{"@type":"WebSite","@id":"http:\/\/www.totemteatteri.com\/#website","url":"http:\/\/www.totemteatteri.com\/","name":"TOTEM-teatern","description":"TOTEM-teatterin kotisivut","publisher":{"@id":"http:\/\/www.totemteatteri.com\/#organization"},"potentialAction":[{"@type":"SearchAction","target":{"@type":"EntryPoint","urlTemplate":"http:\/\/www.totemteatteri.com\/?s={search_term_string}"},"query-input":{"@type":"PropertyValueSpecification","valueRequired":true,"valueName":"search_term_string"}}],"inLanguage":"sv-SE"},{"@type":"Organization","@id":"http:\/\/www.totemteatteri.com\/#organization","name":"TOTEM-teatern","url":"http:\/\/www.totemteatteri.com\/","logo":{"@type":"ImageObject","inLanguage":"sv-SE","@id":"http:\/\/www.totemteatteri.com\/#\/schema\/logo\/image\/","url":"http:\/\/www.totemteatteri.com\/wp-content\/uploads\/2023\/03\/logo-vaaka-sini-1100x200-1.jpg","contentUrl":"http:\/\/www.totemteatteri.com\/wp-content\/uploads\/2023\/03\/logo-vaaka-sini-1100x200-1.jpg","width":1100,"height":200,"caption":"TOTEM-teatteri"},"image":{"@id":"http:\/\/www.totemteatteri.com\/#\/schema\/logo\/image\/"}}]}},"_links":{"self":[{"href":"http:\/\/www.totemteatteri.com\/sv\/wp-json\/wp\/v2\/pages\/137","targetHints":{"allow":["GET"]}}],"collection":[{"href":"http:\/\/www.totemteatteri.com\/sv\/wp-json\/wp\/v2\/pages"}],"about":[{"href":"http:\/\/www.totemteatteri.com\/sv\/wp-json\/wp\/v2\/types\/page"}],"author":[{"embeddable":true,"href":"http:\/\/www.totemteatteri.com\/sv\/wp-json\/wp\/v2\/users\/2"}],"replies":[{"embeddable":true,"href":"http:\/\/www.totemteatteri.com\/sv\/wp-json\/wp\/v2\/comments?post=137"}],"version-history":[{"count":5,"href":"http:\/\/www.totemteatteri.com\/sv\/wp-json\/wp\/v2\/pages\/137\/revisions"}],"predecessor-version":[{"id":1435,"href":"http:\/\/www.totemteatteri.com\/sv\/wp-json\/wp\/v2\/pages\/137\/revisions\/1435"}],"wp:attachment":[{"href":"http:\/\/www.totemteatteri.com\/sv\/wp-json\/wp\/v2\/media?parent=137"}],"curies":[{"name":"wp","href":"https:\/\/api.w.org\/{rel}","templated":true}]}}